{"id":921,"date":"2026-02-07T11:10:22","date_gmt":"2026-02-07T10:10:22","guid":{"rendered":"https:\/\/zsp5gliwice.pl\/pm5_wp\/?page_id=921"},"modified":"2026-02-09T08:35:55","modified_gmt":"2026-02-09T07:35:55","slug":"informacje-dla-rodzicow","status":"publish","type":"page","link":"https:\/\/zsp5gliwice.pl\/pm5_wp\/informacje-dla-rodzicow\/","title":{"rendered":"Informacje dla rodzic\u00f3w"},"content":{"rendered":"\t\t<div data-elementor-type=\"wp-page\" data-elementor-id=\"921\" class=\"elementor elementor-921\">\n\t\t\t\t<div class=\"elementor-element elementor-element-05636f5 e-flex e-con-boxed e-con e-parent\" data-id=\"05636f5\" data-element_type=\"container\" data-e-type=\"container\">\n\t\t\t\t\t<div class=\"e-con-inner\">\n\t\t\t\t<div class=\"elementor-element elementor-element-2114ce5 elementor-widget elementor-widget-elementskit-blog-posts\" data-id=\"2114ce5\" data-element_type=\"widget\" data-e-type=\"widget\" data-widget_type=\"elementskit-blog-posts.default\">\n\t\t\t\t<div class=\"elementor-widget-container\">\n\t\t\t\t\t<div class=\"ekit-wid-con\" >        <div id=\"post-items--2114ce5\" class=\"row post-items\" data-masonry-config=\"true\">\n                    <div class=\"col-lg-4 col-md-6\">\n\n                                    <div class=\"elementskit-post-image-card\">\n                        <div class=\"elementskit-entry-header\">\n                                                            <a href=\"https:\/\/zsp5gliwice.pl\/pm5_wp\/2026\/04\/21\/zajecia-o-segregacji-smieci-i-recyklingu\/\" class=\"elementskit-entry-thumb\">\n                                    <img decoding=\"async\" src=\"https:\/\/zsp5gliwice.pl\/pm5_wp\/wp-content\/uploads\/2026\/04\/zajecia-o-segregacji-smieci-i-recyklingu-461x1024.jpg\" alt=\"Zaj\u0119cia o segregacji \u015bmieci i recyklingu\">\n                                <\/a><!-- .elementskit-entry-thumb END -->\n                                                            \n                                                            <div class=\"elementskit-meta-categories\">\n                                    <span class=\"elementskit-meta-wraper\">\n                                        <span><a href=\"https:\/\/zsp5gliwice.pl\/pm5_wp\/category\/aktualnosci\/\" rel=\"category tag\">aktualno\u015bci<\/a><\/span><span><a href=\"https:\/\/zsp5gliwice.pl\/pm5_wp\/category\/dla-rodzicow\/\" rel=\"category tag\">dla rodzic\u00f3w<\/a><\/span>\n                                    <\/span>\n                                <\/div>\n                            \n\t\t\t\t\t\t\t\t\t\t\t\t\t<\/div><!-- .elementskit-entry-header END -->\n\n\t\t\t\t\t\t<div class=\"elementskit-post-body \">\n\t\t\t\t\t\t\t\n\t\t\t\t\t\t\t\t\t\t\t\t\t\t\t\t\t\t\t\t\t\t\t\t\t\t\t\t\t\t\n\t\t\t\t\t\t\t\t\n\t\t\t\t\t\t\t\t\t\t\t\t\t\t\t\t\t\t\t\t\t<h2 class=\"entry-title\">\n\t\t\t\t\t<a href=\"https:\/\/zsp5gliwice.pl\/pm5_wp\/2026\/04\/21\/zajecia-o-segregacji-smieci-i-recyklingu\/\">\n\t\t\t\t\t\tZaj\u0119cia o segregacji \u015bmieci i recyklingu\t\t\t\t\t<\/a>\n\t\t\t\t<\/h2>\n\t\t\t\t\t\t\t\t\t\t\t\t\t\t\t\t\t\t\t\t\t\t\t\t\t\t\t\t\t\t\t\t                                                            <div class=\"btn-wraper\">\n                                    \n                                                                            <a class=\"elementskit-btn whitespace--normal\" id=\"\" href=\"https:\/\/zsp5gliwice.pl\/pm5_wp\/2026\/04\/21\/zajecia-o-segregacji-smieci-i-recyklingu\/\">\n                                        \t                                            Dowiedz si\u0119 wi\u0119cej                                         <\/a>\n                                                                    <\/div>\n                                                    <\/div><!-- .elementskit-post-body END -->\n                    <\/div>\n                \n            <\/div>\n                    <div class=\"col-lg-4 col-md-6\">\n\n                                    <div class=\"elementskit-post-image-card\">\n                        <div class=\"elementskit-entry-header\">\n                                                            <a href=\"https:\/\/zsp5gliwice.pl\/pm5_wp\/2026\/04\/14\/konkurs-plastyczny-z-okazji-dnia-ziemi\/\" class=\"elementskit-entry-thumb\">\n                                    <img decoding=\"async\" src=\"https:\/\/zsp5gliwice.pl\/pm5_wp\/wp-content\/uploads\/2026\/04\/Konkurs-plastyczny-z-okazji-Dnia-Ziemi.jpg\" alt=\"Konkurs plastyczny z okazji Dnia Ziemi\">\n                                <\/a><!-- .elementskit-entry-thumb END -->\n                                                            \n                                                            <div class=\"elementskit-meta-categories\">\n                                    <span class=\"elementskit-meta-wraper\">\n                                        <span><a href=\"https:\/\/zsp5gliwice.pl\/pm5_wp\/category\/aktualnosci\/\" rel=\"category tag\">aktualno\u015bci<\/a><\/span><span><a href=\"https:\/\/zsp5gliwice.pl\/pm5_wp\/category\/dla-rodzicow\/\" rel=\"category tag\">dla rodzic\u00f3w<\/a><\/span><span><a href=\"https:\/\/zsp5gliwice.pl\/pm5_wp\/category\/konkursy\/\" rel=\"category tag\">konkursy<\/a><\/span>\n                                    <\/span>\n                                <\/div>\n                            \n\t\t\t\t\t\t\t\t\t\t\t\t\t<\/div><!-- .elementskit-entry-header END -->\n\n\t\t\t\t\t\t<div class=\"elementskit-post-body \">\n\t\t\t\t\t\t\t\n\t\t\t\t\t\t\t\t\t\t\t\t\t\t\t\t\t\t\t\t\t\t\t\t\t\t\t\t\t\t\n\t\t\t\t\t\t\t\t\n\t\t\t\t\t\t\t\t\t\t\t\t\t\t\t\t\t\t\t\t\t<h2 class=\"entry-title\">\n\t\t\t\t\t<a href=\"https:\/\/zsp5gliwice.pl\/pm5_wp\/2026\/04\/14\/konkurs-plastyczny-z-okazji-dnia-ziemi\/\">\n\t\t\t\t\t\tKonkurs plastyczny z okazji Dnia Ziemi\t\t\t\t\t<\/a>\n\t\t\t\t<\/h2>\n\t\t\t\t\t\t\t\t\t\t\t\t\t\t\t\t\t\t\t\t\t\t\t\t\t\t\t\t\t\t\t\t                                                            <div class=\"btn-wraper\">\n                                    \n                                                                            <a class=\"elementskit-btn whitespace--normal\" id=\"\" href=\"https:\/\/zsp5gliwice.pl\/pm5_wp\/2026\/04\/14\/konkurs-plastyczny-z-okazji-dnia-ziemi\/\">\n                                        \t                                            Dowiedz si\u0119 wi\u0119cej                                         <\/a>\n                                                                    <\/div>\n                                                    <\/div><!-- .elementskit-post-body END -->\n                    <\/div>\n                \n            <\/div>\n                    <div class=\"col-lg-4 col-md-6\">\n\n                                    <div class=\"elementskit-post-image-card\">\n                        <div class=\"elementskit-entry-header\">\n                                                            <a href=\"https:\/\/zsp5gliwice.pl\/pm5_wp\/2026\/04\/13\/hodowla-wiosennych-kwiatow-i-sadzonek\/\" class=\"elementskit-entry-thumb\">\n                                    <img decoding=\"async\" src=\"https:\/\/zsp5gliwice.pl\/pm5_wp\/wp-content\/uploads\/2026\/04\/hodowla-wiosennych-kwiatow-i-sadzonek2-1024x819.jpg\" alt=\"Hodowla wiosennych kwiat\u00f3w i sadzonek\">\n                                <\/a><!-- .elementskit-entry-thumb END -->\n                                                            \n                                                            <div class=\"elementskit-meta-categories\">\n                                    <span class=\"elementskit-meta-wraper\">\n                                        <span><a href=\"https:\/\/zsp5gliwice.pl\/pm5_wp\/category\/aktualnosci\/\" rel=\"category tag\">aktualno\u015bci<\/a><\/span><span><a href=\"https:\/\/zsp5gliwice.pl\/pm5_wp\/category\/dla-rodzicow\/\" rel=\"category tag\">dla rodzic\u00f3w<\/a><\/span>\n                                    <\/span>\n                                <\/div>\n                            \n\t\t\t\t\t\t\t\t\t\t\t\t\t<\/div><!-- .elementskit-entry-header END -->\n\n\t\t\t\t\t\t<div class=\"elementskit-post-body \">\n\t\t\t\t\t\t\t\n\t\t\t\t\t\t\t\t\t\t\t\t\t\t\t\t\t\t\t\t\t\t\t\t\t\t\t\t\t\t\n\t\t\t\t\t\t\t\t\n\t\t\t\t\t\t\t\t\t\t\t\t\t\t\t\t\t\t\t\t\t<h2 class=\"entry-title\">\n\t\t\t\t\t<a href=\"https:\/\/zsp5gliwice.pl\/pm5_wp\/2026\/04\/13\/hodowla-wiosennych-kwiatow-i-sadzonek\/\">\n\t\t\t\t\t\tHodowla wiosennych kwiat\u00f3w i sadzonek\t\t\t\t\t<\/a>\n\t\t\t\t<\/h2>\n\t\t\t\t\t\t\t\t\t\t\t\t\t\t\t\t\t\t\t\t\t\t\t\t\t\t\t\t\t\t\t\t                                                            <div class=\"btn-wraper\">\n                                    \n                                                                            <a class=\"elementskit-btn whitespace--normal\" id=\"\" href=\"https:\/\/zsp5gliwice.pl\/pm5_wp\/2026\/04\/13\/hodowla-wiosennych-kwiatow-i-sadzonek\/\">\n                                        \t                                            Dowiedz si\u0119 wi\u0119cej                                         <\/a>\n                                                                    <\/div>\n                                                    <\/div><!-- .elementskit-post-body END -->\n                    <\/div>\n                \n            <\/div>\n                <\/div>\n       <\/div>\t\t\t\t<\/div>\n\t\t\t\t<\/div>\n\t\t\t\t\t<\/div>\n\t\t\t\t<\/div>\n\t\t\t\t<\/div>\n\t\t","protected":false},"excerpt":{"rendered":"<p>aktualno\u015bcidla rodzic\u00f3w Informacja dla rodzic\u00f3w! Dowiedz si\u0119 wi\u0119cej aktualno\u015bcidla rodzic\u00f3w Realizacja projektu edukacyjnego grupa \u201eBiedronki\u201d Dowiedz si\u0119 wi\u0119cej aktualno\u015bci Festyn Rodzinny 2025 Dowiedz si\u0119 wi\u0119cej<\/p>\n","protected":false},"author":3,"featured_media":0,"parent":0,"menu_order":0,"comment_status":"closed","ping_status":"closed","template":"","meta":{"postBodyCss":"","postBodyMargin":[],"postBodyPadding":[],"postBodyBackground":{"backgroundType":"classic","gradient":""},"ngg_post_thumbnail":0,"footnotes":""},"class_list":["post-921","page","type-page","status-publish","hentry"],"_links":{"self":[{"href":"https:\/\/zsp5gliwice.pl\/pm5_wp\/wp-json\/wp\/v2\/pages\/921","targetHints":{"allow":["GET"]}}],"collection":[{"href":"https:\/\/zsp5gliwice.pl\/pm5_wp\/wp-json\/wp\/v2\/pages"}],"about":[{"href":"https:\/\/zsp5gliwice.pl\/pm5_wp\/wp-json\/wp\/v2\/types\/page"}],"author":[{"embeddable":true,"href":"https:\/\/zsp5gliwice.pl\/pm5_wp\/wp-json\/wp\/v2\/users\/3"}],"replies":[{"embeddable":true,"href":"https:\/\/zsp5gliwice.pl\/pm5_wp\/wp-json\/wp\/v2\/comments?post=921"}],"version-history":[{"count":12,"href":"https:\/\/zsp5gliwice.pl\/pm5_wp\/wp-json\/wp\/v2\/pages\/921\/revisions"}],"predecessor-version":[{"id":1410,"href":"https:\/\/zsp5gliwice.pl\/pm5_wp\/wp-json\/wp\/v2\/pages\/921\/revisions\/1410"}],"wp:attachment":[{"href":"https:\/\/zsp5gliwice.pl\/pm5_wp\/wp-json\/wp\/v2\/media?parent=921"}],"curies":[{"name":"wp","href":"https:\/\/api.w.org\/{rel}","templated":true}]}}