{"id":833,"date":"2024-12-28T09:56:15","date_gmt":"2024-12-28T08:56:15","guid":{"rendered":"https:\/\/hosting1939560.online.pro\/autoinstalator\/wordpress1\/?page_id=833"},"modified":"2025-03-05T09:56:00","modified_gmt":"2025-03-05T08:56:00","slug":"konkursy","status":"publish","type":"page","link":"https:\/\/zsp5gliwice.pl\/autoinstalator\/wordpress1\/konkursy\/","title":{"rendered":"Konkursy"},"content":{"rendered":"\t\t<div data-elementor-type=\"wp-page\" data-elementor-id=\"833\" class=\"elementor elementor-833\">\n\t\t\t\t<div class=\"elementor-element elementor-element-987805b e-flex e-con-boxed e-con e-parent\" data-id=\"987805b\" data-element_type=\"container\" data-e-type=\"container\">\n\t\t\t\t\t<div class=\"e-con-inner\">\n\t\t\t\t<div class=\"elementor-element elementor-element-74a3aeb elementor-widget elementor-widget-elementskit-accordion\" data-id=\"74a3aeb\" data-element_type=\"widget\" data-e-type=\"widget\" data-widget_type=\"elementskit-accordion.default\">\n\t\t\t\t<div class=\"elementor-widget-container\">\n\t\t\t\t\t<div class=\"ekit-wid-con\" >\n        <div class=\"elementskit-accordion curve-shape\" id=\"accordion-69f0c33cc181f\">\n\n            \n                <div class=\"elementskit-card \">\n                    <div class=\"elementskit-card-header\" id=\"primaryHeading-0-74a3aeb\">\n                        <a href=\"#collapse-e3a9c4669f0c33cc181f\" class=\"ekit-accordion--toggler elementskit-btn-link collapsed\" data-ekit-toggle=\"collapse\" data-target=\"#Collapse-e3a9c4669f0c33cc181f\" aria-expanded=\"false\" aria-controls=\"Collapse-e3a9c4669f0c33cc181f\">\n                            \n                            <span class=\"ekit-accordion-title\">Szkolny konkurs j\u0119zykowo \u2013 przyrodniczo \u2013 matematyczny<\/span>\n\n                            \n                                <div class=\"ekit_accordion_icon_group\">\n                                    <div class=\"ekit_accordion_normal_icon\">\n                                        <!-- Normal Icon -->\n\t\t\t\t\t\t\t\t\t\t<i class=\"icon icon-down-arrow1\"><\/i>                                    <\/div>\n\n                                    <div class=\"ekit_accordion_active_icon\">\n                                        <!-- Active Icon -->\n\t\t\t\t\t\t\t\t\t\t<i class=\"icon icon-up-arrow\"><\/i>                                    <\/div>\n                                <\/div>\n\n                            \n                                                            <svg version=\"1.1\" class=\"svg-shape\" x=\"0px\" y=\"0px\" viewBox=\"0 0 541 64\" height=\"64\" preserveAspectRatio=\"none\">\n                                    <polygon class=\"path\" points=\"85,55 81,55 51,55 42.5,64 34,55 0,55 0,0 34.4,0 42.5,9.5 50.6,0 81,0 85,0 541,0 541,55 \"\/>\n                                <\/svg>\n                                                    <\/a>\n                    <\/div>\n\n                    <div id=\"Collapse-e3a9c4669f0c33cc181f\" class=\" collapse\" aria-labelledby=\"primaryHeading-0-74a3aeb\" data-parent=\"#accordion-69f0c33cc181f\">\n\n                        <div class=\"elementskit-card-body ekit-accordion--content\">\n                            <p>Serdecznie zapraszamy zespo\u0142y klasowe uczni\u00f3w klas si\u00f3dmych i \u00f3smych do udzia\u0142u w konkursie j\u0119zykowo \u2013 przyrodniczo \u2013 matematycznym:<\/p><p>Zwierz\u0119ta w Liczbach i S\u0142owach<br \/>czyli<br \/>Animals in Numbers and Words<br \/>czyli<br \/>Tiere in Zahlen und Worten<\/p><p><a href=\"http:\/\/hosting1939560.online.pro\/autoinstalator\/wordpress1\/wp-content\/uploads\/2025\/03\/KONKURS-jez.przyr_.mat_.pdf\">Regulamin - pdf<\/a><\/p>                        <\/div>\n\n                    <\/div>\n\n                <\/div><!-- .elementskit-card END -->\n\n                \n                <div class=\"elementskit-card active\">\n                    <div class=\"elementskit-card-header\" id=\"primaryHeading-1-74a3aeb\">\n                        <a href=\"#collapse-318065069f0c33cc181f\" class=\"ekit-accordion--toggler elementskit-btn-link collapsed\" data-ekit-toggle=\"collapse\" data-target=\"#Collapse-318065069f0c33cc181f\" aria-expanded=\"true\" aria-controls=\"Collapse-318065069f0c33cc181f\">\n                            \n                            <span class=\"ekit-accordion-title\">MI\u0119dzyszkolny konkurs przyrodniczy dla klas IV<\/span>\n\n                            \n                                <div class=\"ekit_accordion_icon_group\">\n                                    <div class=\"ekit_accordion_normal_icon\">\n                                        <!-- Normal Icon -->\n\t\t\t\t\t\t\t\t\t\t<i class=\"icon icon-down-arrow1\"><\/i>                                    <\/div>\n\n                                    <div class=\"ekit_accordion_active_icon\">\n                                        <!-- Active Icon -->\n\t\t\t\t\t\t\t\t\t\t<i class=\"icon icon-up-arrow\"><\/i>                                    <\/div>\n                                <\/div>\n\n                            \n                                                            <svg version=\"1.1\" class=\"svg-shape\" x=\"0px\" y=\"0px\" viewBox=\"0 0 541 64\" height=\"64\" preserveAspectRatio=\"none\">\n                                    <polygon class=\"path\" points=\"85,55 81,55 51,55 42.5,64 34,55 0,55 0,0 34.4,0 42.5,9.5 50.6,0 81,0 85,0 541,0 541,55 \"\/>\n                                <\/svg>\n                                                    <\/a>\n                    <\/div>\n\n                    <div id=\"Collapse-318065069f0c33cc181f\" class=\" show collapse\" aria-labelledby=\"primaryHeading-1-74a3aeb\" data-parent=\"#accordion-69f0c33cc181f\">\n\n                        <div class=\"elementskit-card-body ekit-accordion--content\">\n                            <p><span style=\"color: #000000\">Dnia 10 grudnia 2024 r. uczniowie klasy 4b\u00a0Igor Guzik oraz\u00a0 Kacper Sobek\u00a0 zaj\u0119li pierwsze miejsce w Mi\u0119dzyszkolnym Konkursie Przyrodniczym dla klas IV \u201eObserwujemy przyrod\u0119 wok\u00f3\u0142 nas\u201d. Konkurs zorganizowa\u0142a Szko\u0142a Podstawowa nr 13 im. Krystyny Bochenek w ramach Dni Gliwickich M\u0142odych Naukowc\u00f3w. Gratulujemy sukcesu!\u00a0 Przygotowanie: Krzysztof Ciemny.<\/span><\/p>                        <\/div>\n\n                    <\/div>\n\n                <\/div><!-- .elementskit-card END -->\n\n                \n                <div class=\"elementskit-card \">\n                    <div class=\"elementskit-card-header\" id=\"primaryHeading-2-74a3aeb\">\n                        <a href=\"#collapse-cc453f169f0c33cc181f\" class=\"ekit-accordion--toggler elementskit-btn-link collapsed\" data-ekit-toggle=\"collapse\" data-target=\"#Collapse-cc453f169f0c33cc181f\" aria-expanded=\"false\" aria-controls=\"Collapse-cc453f169f0c33cc181f\">\n                            \n                            <span class=\"ekit-accordion-title\">Konkurs z j\u0119zyka angielskiego Spelling Bee<\/span>\n\n                            \n                                <div class=\"ekit_accordion_icon_group\">\n                                    <div class=\"ekit_accordion_normal_icon\">\n                                        <!-- Normal Icon -->\n\t\t\t\t\t\t\t\t\t\t<i class=\"icon icon-down-arrow1\"><\/i>                                    <\/div>\n\n                                    <div class=\"ekit_accordion_active_icon\">\n                                        <!-- Active Icon -->\n\t\t\t\t\t\t\t\t\t\t<i class=\"icon icon-up-arrow\"><\/i>                                    <\/div>\n                                <\/div>\n\n                            \n                                                            <svg version=\"1.1\" class=\"svg-shape\" x=\"0px\" y=\"0px\" viewBox=\"0 0 541 64\" height=\"64\" preserveAspectRatio=\"none\">\n                                    <polygon class=\"path\" points=\"85,55 81,55 51,55 42.5,64 34,55 0,55 0,0 34.4,0 42.5,9.5 50.6,0 81,0 85,0 541,0 541,55 \"\/>\n                                <\/svg>\n                                                    <\/a>\n                    <\/div>\n\n                    <div id=\"Collapse-cc453f169f0c33cc181f\" class=\" collapse\" aria-labelledby=\"primaryHeading-2-74a3aeb\" data-parent=\"#accordion-69f0c33cc181f\">\n\n                        <div class=\"elementskit-card-body ekit-accordion--content\">\n                            <p><span style=\"color: #000000\">Zapraszamy wszystkich uczni\u00f3w klas czwartych do udzia\u0142u w konkursie polegaj\u0105cym na literowaniu s\u0142\u00f3wek. Uczestnicy konkursu musz\u0105 bezb\u0142\u0119dnie literowa\u0107 z pami\u0119ci wyrazy od trzyliterowych po dziesi\u0119cioliterowe.<\/span><\/p><p><span style=\"color: #000000\"><strong>Zakres s\u0142ownictwa: Podr\u0119cznik English Class A1 \u2013 rozdzia\u0142y 0-3.<\/strong><\/span><\/p><p><span style=\"color: #000000\"><strong>Konkurs odb\u0119dzie si\u0119 11 grudnia (\u015broda) na 2 i 3 godzinie lekcyjnej w sali 66.<\/strong><\/span><\/p><p><span style=\"color: #000000\">Zg\u0142oszenia przyjmowane s\u0105 do 4 grudnia (\u015broda). Ch\u0119\u0107 udzia\u0142u w konkursie prosz\u0119 zg\u0142osi\u0107 do nauczyciela j\u0119zyka angielskiego.<\/span><\/p><p><span style=\"color: #000000\"><strong>Czekaj\u0105 na Ciebie wspania\u0142e nagrody i dobra zabawa.<\/strong><\/span><\/p><p><span style=\"color: #000000\"><strong>Zapraszamy!<\/strong><\/span><\/p><p><span style=\"color: #000000\">Organizatorzy konkursu<\/span><\/p><p><span style=\"color: #000000\">Ma\u0142gorzata Ryczek i Diana Caba-Ko\u0142odziej<\/span><\/p>                        <\/div>\n\n                    <\/div>\n\n                <\/div><!-- .elementskit-card END -->\n\n                                        <\/div>\n    <\/div>\t\t\t\t<\/div>\n\t\t\t\t<\/div>\n\t\t\t\t\t<\/div>\n\t\t\t\t<\/div>\n\t\t\t\t<\/div>\n\t\t","protected":false},"excerpt":{"rendered":"<p>Szkolny konkurs j\u0119zykowo \u2013 przyrodniczo \u2013 matematyczny Serdecznie zapraszamy zespo\u0142y klasowe uczni\u00f3w klas si\u00f3dmych i [&hellip;]<\/p>\n","protected":false},"author":1,"featured_media":0,"parent":0,"menu_order":0,"comment_status":"closed","ping_status":"closed","template":"","meta":{"two_page_speed":[],"footnotes":""},"class_list":["post-833","page","type-page","status-publish","hentry"],"_links":{"self":[{"href":"https:\/\/zsp5gliwice.pl\/autoinstalator\/wordpress1\/wp-json\/wp\/v2\/pages\/833","targetHints":{"allow":["GET"]}}],"collection":[{"href":"https:\/\/zsp5gliwice.pl\/autoinstalator\/wordpress1\/wp-json\/wp\/v2\/pages"}],"about":[{"href":"https:\/\/zsp5gliwice.pl\/autoinstalator\/wordpress1\/wp-json\/wp\/v2\/types\/page"}],"author":[{"embeddable":true,"href":"https:\/\/zsp5gliwice.pl\/autoinstalator\/wordpress1\/wp-json\/wp\/v2\/users\/1"}],"replies":[{"embeddable":true,"href":"https:\/\/zsp5gliwice.pl\/autoinstalator\/wordpress1\/wp-json\/wp\/v2\/comments?post=833"}],"version-history":[{"count":0,"href":"https:\/\/zsp5gliwice.pl\/autoinstalator\/wordpress1\/wp-json\/wp\/v2\/pages\/833\/revisions"}],"wp:attachment":[{"href":"https:\/\/zsp5gliwice.pl\/autoinstalator\/wordpress1\/wp-json\/wp\/v2\/media?parent=833"}],"curies":[{"name":"wp","href":"https:\/\/api.w.org\/{rel}","templated":true}]}}