{"id":287,"date":"2024-12-17T14:49:48","date_gmt":"2024-12-17T13:49:48","guid":{"rendered":"http:\/\/hosting1939560.online.pro\/autoinstalator\/wordpress1\/?page_id=287"},"modified":"2026-02-22T11:59:42","modified_gmt":"2026-02-22T10:59:42","slug":"deklaracja-dostepnosci","status":"publish","type":"page","link":"https:\/\/zsp5gliwice.pl\/autoinstalator\/wordpress1\/deklaracja-dostepnosci\/","title":{"rendered":"Deklaracja dost\u0119pno\u015bci"},"content":{"rendered":"<h1 style=\"text-align: center;\"><span style=\"color: #000000;\"><b>Deklaracja dost\u0119pno\u015bci<\/b><\/span><\/h1>\n<p><span style=\"color: #000000;\">Deklaracja dost\u0119pno\u015bci serwisu\u00a0<a style=\"color: #000000;\" href=\"https:\/\/hosting1939560.online.pro\/autoinstalator\/wordpress1\/deklaracja-dostepnosci\/\">zsp5gliwice.pl<\/a><\/span><\/p>\n<p><span id=\"\u201ea11y-podmiot\u201d&lt;\/span\" style=\"color: #000000;\">Zesp\u00f3\u0142 Szkolno \u2013 Przedszkolny nr5 w Gliwicach zobowi\u0105zuje si\u0119 zapewni\u0107 dost\u0119pno\u015b\u0107 strony internetowej\u00a0<a style=\"color: #000000;\" href=\"https:\/\/zsp5gliwice.pl\/sp1\/zsp5gliwice.pl\/sp1\">zsp5gliwice.pl<\/a>zgodnie z ustaw\u0105 z dnia 4 kwietnia 2019 r. o dost\u0119pno\u015bci cyfrowej stron internetowych i aplikacji mobilnych podmiot\u00f3w publicznych. O\u015bwiadczenie w sprawie dost\u0119pno\u015bci ma zastosowanie do serwisu internetowego <a style=\"color: #000000;\" href=\"https:\/\/zsp5gliwice.pl\/sp1\/zsp5gliwice.pl\/sp1\">zsp5gliwice.pl<\/a><br \/>\n<\/span><\/p>\n<p><span style=\"color: #000000;\">Data publikacji strony internetowej:\u00a0<span id=\"\u201da11y-data-publikacja\u201d\">2013-01-01<\/span><\/span><\/p>\n<p><span style=\"color: #000000;\">Data ostatniej istotnej aktualizacji:\u00a0<span id=\"\u201da11y-data-aktualizacja\u201d\">2022-03-11<\/span><\/span><\/p>\n<p><span style=\"color: #000000;\">Termin przegl\u0105du i aktualizacji: 2026-02-10<\/span><\/p>\n<p><span style=\"color: #000000;\">Strona internetowa jest cz\u0119\u015bciowo zgodna z ustaw\u0105 o dost\u0119pno\u015bci cyfrowej stron internetowych i aplikacji mobilnych podmiot\u00f3w publicznych z powodu niezgodno\u015bci lub wy\u0142\u0105cze\u0144 wymienionych poni\u017cej :<\/span><\/p>\n<ul>\n<li><span style=\"color: #000000;\">dokumenty opublikowane przed dniem 23 wrze\u015bnia 2018 r. s\u0105 wy\u0142\u0105czone z obowi\u0105zku zapewnienia dost\u0119pno\u015bci, chyba \u017ce ich zawarto\u015b\u0107 jest niezb\u0119dna do realizacji bie\u017c\u0105cych zada\u0144.<\/span><\/li>\n<li><span style=\"color: #000000;\">dokumenty, stanowi\u0105ce wydruki z program\u00f3w zewn\u0119trznych, charakteryzuj\u0105 si\u0119 nisk\u0105 dost\u0119pno\u015bci\u0105 cyfrow\u0105.<\/span><\/li>\n<li><span style=\"color: #000000;\">Cz\u0119\u015b\u0107 zdj\u0119\u0107 opublikowanych w galeriach nie posiada tekst\u00f3w alternatywnych (atrybut\u00f3w ALT) opisuj\u0105cych ich zawarto\u015b\u0107<\/span><\/li>\n<\/ul>\n<p><span style=\"color: #000000;\">O\u015bwiadczenie sporz\u0105dzono dnia: 2026-02-10<\/span><\/p>\n<p><span style=\"color: #000000;\">Deklaracj\u0119 sporz\u0105dzono na podstawie samooceny przeprowadzonej przez podmiot publiczny.<\/span><\/p>\n<p><span style=\"color: #000000;\">Na stronie internetowej mo\u017cna korzysta\u0107 ze standardowych skr\u00f3t\u00f3w klawiaturowych.<\/span><\/p>\n<p><span style=\"color: #000000;\">Informacje zwrotne i dane kontaktowe<\/span><\/p>\n<p><span style=\"color: #000000;\">W przypadku problem\u00f3w z dost\u0119pno\u015bci\u0105 serwisu internetowego <a href=\"https:\/\/zsp5gliwice.pl\/autoinstalator\/wordpress1\/\">https:\/\/zsp5gliwice.pl<\/a><span id=\"\u201ea11y-podmiot\u201d&lt;\/span\"><\/span>\u00a0prosimy o kontakt. Osob\u0105 odpowiedzialn\u0105 jest p. Rafa\u0142 Kempa, adres poczty elektronicznej\u00a0<span id=\"cloak01e24b6c8bd54bc5981d85dc74181f9a\"><a id=\"\u201da11y-email\u201d\" style=\"color: #000000;\" href=\"mailto:kempa.r@zsp5gliwice.pl\" data-cke-saved-href=\"mailto:kempa.r@zsp5gliwice.pl\">kempa.r@zsp5gliwice.pl<\/a><\/span>.\u00a0Kontaktowa\u0107 mo\u017cna si\u0119 tak\u017ce dzwoni\u0105c na numer telefonu\u00a0<span id=\"\u201da11y-telefon\u201d\">322379415<\/span>. T\u0105 sam\u0105 drog\u0105 mo\u017cna sk\u0142ada\u0107 wnioski o udost\u0119pnienie informacji niedost\u0119pnej oraz sk\u0142ada\u0107 skargi na brak zapewnienia dost\u0119pno\u015bci.<\/span><\/p>\n<p><span style=\"color: #000000;\">Ka\u017cdy ma prawo do wyst\u0105pienia z \u017c\u0105daniem zapewnienia dost\u0119pno\u015bci cyfrowej serwisu internetowego <a href=\"https:\/\/zsp5gliwice.pl\/autoinstalator\/wordpress1\/\">https:\/\/zsp5gliwice.pl <\/a>lub jego elementu. Mo\u017cna tak\u017ce za\u017c\u0105da\u0107 udost\u0119pnienia informacji w formach alternatywnych, na przyk\u0142ad odczytania niedost\u0119pnego cyfrowo dokumentu, opisania zawarto\u015bci filmu bez audiodeskrypcji itp. \u017b\u0105danie powinno zawiera\u0107 dane osoby zg\u0142aszaj\u0105cej \u017c\u0105danie, wskazanie, o kt\u00f3ry element serwisu internetowego\u00a0<span id=\"\u201ea11y-podmiot\u201d&lt;\/span\"><a href=\"https:\/\/zsp5gliwice.pl\/autoinstalator\/wordpress1\/\">https:\/\/zsp5gliwice.pl<\/a><\/span>\u00a0chodzi oraz spos\u00f3b kontaktu. Je\u017celi osoba \u017c\u0105daj\u0105ca zg\u0142asza potrzeb\u0119 otrzymania informacji w formie alternatywnej, powinna tak\u017ce okre\u015bli\u0107 form\u0119 tej informacji.<\/span><\/p>\n<p><span style=\"color: #000000;\">Zesp\u00f3\u0142 Szkolno \u2013 Przedszkolny nr 5\u00a0 w Gliwicach powinien zrealizowa\u0107 \u017c\u0105danie niezw\u0142ocznie i nie p\u00f3\u017aniej, ni\u017c w ci\u0105gu 7 dni. Je\u017celi dotrzymanie tego terminu nie jest mo\u017cliwe, niezw\u0142ocznie informujemy o tym, kiedy realizacja \u017c\u0105dania b\u0119dzie mo\u017cliwa, przy czym termin ten nie mo\u017ce by\u0107 d\u0142u\u017cszy ni\u017c 2 miesi\u0105ce. Je\u017celi zapewnienie dost\u0119pno\u015bci nie jest mo\u017cliwe, Zesp\u00f3\u0142 Szkolno \u2013 Przedszkolny nr 5\u00a0 w Gliwicach w Gliwicach mo\u017ce zaproponowa\u0107 alternatywny spos\u00f3b dost\u0119pu do informacji.<\/span><\/p>\n<p><span style=\"color: #000000;\">W przypadku, gdy Zesp\u00f3\u0142 Szkolno \u2013 Przedszkolny nr 5\u00a0 w Gliwicach odm\u00f3wi realizacji \u017c\u0105dania zapewnienia dost\u0119pno\u015bci lub alternatywnego dost\u0119pu do informacji, mo\u017cna z\u0142o\u017cy\u0107 skarg\u0119 na takie dzia\u0142anie.<\/span><\/p>\n<p><span style=\"color: #000000;\">Po wyczerpaniu wszystkich mo\u017cliwo\u015bci skarg\u0119 mo\u017cna przes\u0142a\u0107 tak\u017ce do Rzecznika Praw Obywatelskich.<\/span><\/p>\n<p><span style=\"color: #000000;\"><b>Dost\u0119pno\u015b\u0107 architektoniczna\u00a0<\/b>Budynek przy ulicy Kozielskiej 39 w Gliwicach<\/span><\/p>\n<p><span style=\"color: #000000;\"><b>Dost\u0119pno\u015b\u0107 wej\u015bcia do budynku i przechodzenia przez obszary kontroli.<\/b><\/span><\/p>\n<p><span style=\"color: #000000;\">Dla petent\u00f3w dost\u0119pne jest \u00a03 wej\u015bcia:<\/span><\/p>\n<p><span style=\"color: #000000;\">Od podw\u00f3rka szko\u0142y po stronie lewej \u2013jest przystosowane dla os\u00f3b niepe\u0142nosprawnych, prowadzi po rampie, drzwi otwierane r\u0119cznie; na elewacji w pobli\u017cu wej\u015bcia zamontowany dzwonek w przypadku blokady drzwi;<\/span><\/p>\n<p><span style=\"color: #000000;\">Drugie, od podw\u00f3rka szko\u0142y od frontu \u00a0(wej\u015bcie na podw\u00f3rko od strony ulicy Kozielskiej \u2013 jest usytuowane na poziomie umo\u017cliwiaj\u0105cym swobodny wjazd w\u00f3zk\u00f3w . Osoba na w\u00f3zku, mo\u017ce swobodnie wjecha\u0107 do budynku szkolnego i skorzysta\u0107 z windy znajduj\u0105cej si\u0119 po prawej stroni od wej\u015bcia g\u0142\u00f3wnego.<\/span><\/p>\n<p><span style=\"color: #000000;\">\u017beby wjecha\u0107 wind\u0105 powinna poinformowa\u0107 pracownik\u00f3w portierni, kt\u00f3ra znajduje si\u0119 przy wej\u015bciu g\u0142\u00f3wnym lub zadzwoni\u0107 do sekretariatu szko\u0142y telefon\u00a0<span id=\"\u201da11y-telefon\u201d\">322379415<\/span>.<\/span><\/p>\n<p><span style=\"color: #000000;\">Trzecie, od strony parkingu \u2013\u00a0jest przystosowane dla os\u00f3b niepe\u0142nosprawnych, prowadzi po rampie, drzwi otwierane r\u0119cznie;<\/span><\/p>\n<p><span style=\"color: #000000;\">Informacja g\u0142\u00f3wna (sekretariat) znajduje si\u0119 na I pi\u0119trze budynku, jest dost\u0119pna bez barier architektonicznych. W budynku nie funkcjonuj\u0105 obszary kontroli.<\/span><\/p>\n<p><span style=\"color: #000000;\"><b>Dost\u0119pno\u015b\u0107 korytarzy, schod\u00f3w i wind.<\/b><\/span><\/p>\n<p><span style=\"color: #000000;\">Dla os\u00f3b na w\u00f3zkach dost\u0119pne s\u0105 wszystkie korytarze i pomieszczenia na ka\u017cdym z pi\u0119ter, za wyj\u0105tkiem cz\u0119\u015bci, w kt\u00f3rej znajduje si\u0119 sala gimnastyczna. W budynku jest jedna winda, przystosowana do potrzeb os\u00f3b niepe\u0142nosprawnych. Toaleta dla os\u00f3b niepe\u0142nosprawnych znajduje si\u0119 na ka\u017cdym parterze. Wykonano wyr\u00f3\u017cnienia pocz\u0105tku i ko\u0144ca wszystkich bieg\u00f3w schodowych.<\/span><\/p>\n<p><span style=\"color: #000000;\"><b>Opis dostosowa\u0144, na przyk\u0142ad pochylni, platform, informacji g\u0142osowych, p\u0119tli indukcyjnych.<\/b><\/span><\/p>\n<p><span style=\"color: #000000;\">1. Zastosowano pochylni\u0119 dla w\u00f3zk\u00f3w od strony podw\u00f3rka, prowadz\u0105c\u0105 do wej\u015bcia do szko\u0142y.<\/span><\/p>\n<p><span style=\"color: #000000;\">2. W windach zastosowano oznaczenia w alfabecie brajla.<\/span><\/p>\n<p><span style=\"color: #000000;\">Informacja o rozk\u0142adzie pomieszcze\u0144 w budynku zapewniona jest w spos\u00f3b wizualny i g\u0142osowy (oznaczenia sal i pomieszcze\u0144, pracownik portierni znajduj\u0105cej si\u0119 przy wej\u015bciu g\u0142\u00f3wnym od strony podw\u00f3rka).<\/span><\/p>\n<p><span style=\"color: #000000;\">W budynku nie zastosowano urz\u0105dze\u0144 i innych \u015brodk\u00f3w technicznych do obs\u0142ugi os\u00f3b s\u0142abos\u0142ysz\u0105cych. Dost\u0119pno\u015b\u0107 zapewniona jest poprzez wsparcie pracownika portierni, znajduj\u0105cej si\u0119 przy wej\u015bciu g\u0142\u00f3wnym od podw\u00f3rka szko\u0142y, tel.<span id=\"\u201da11y-telefon\u201d\">322379415<\/span>, email\u00a0<span id=\"cloakc208b9123ca73db1e804bd703949cfb7\"><a id=\"a11y-email\" style=\"color: #000000;\" href=\"mailto:sekretariat@zsp5.gliwice.eu\" data-cke-saved-href=\"mailto:sekretariat@zsp5.gliwice.eu\">sekretariat@zsp5.gliwice.eu<\/a><\/span><\/span><\/p>\n<p><span style=\"color: #000000;\"><b>Informacje o miejscu i sposobie korzystania z miejsc parkingowych wyznaczonych dla os\u00f3b niepe\u0142nosprawnych.<\/b><\/span><\/p>\n<p><span style=\"color: #000000;\">Na podw\u00f3rku szko\u0142y, przed budynkiem wyznaczono\u00a01\u00a0miejsce parkingowe dla os\u00f3b niepe\u0142nosprawnych.<\/span><\/p>\n<p><span style=\"color: #000000;\"><b>Informacja o prawie wst\u0119pu z psem asystuj\u0105cym i ewentualnych uzasadnionych ograniczeniach<\/b>.<\/span><\/p>\n<p><span style=\"color: #000000;\">Do budynku i wszystkich jego pomieszcze\u0144 mo\u017cna wej\u015b\u0107 z psem asystuj\u0105cym i psem przewodnikiem.<\/span><\/p>\n<p><span style=\"color: #000000;\"><b>Informacje o mo\u017cliwo\u015bci skorzystania z t\u0142umacza j\u0119zyka migowego na miejscu lub online<\/b>. \u00a0<\/span><\/p>\n<p><span style=\"color: #000000;\">W budynku nie mo\u017cna skorzysta\u0107 z t\u0142umacza polskiego j\u0119zyka migowego.<\/span><\/p>\n<p><span style=\"color: #000000;\"><b>Dost\u0119pno\u015b\u0107 architektoniczna\u00a0<\/b>Budynek przy ulicy Kozielskiej 73 w Gliwicach.<\/span><\/p>\n<p><span style=\"color: #000000;\"><b>Dost\u0119pno\u015b\u0107 wej\u015bcia do budynku i przechodzenia przez obszary kontroli.<\/b><\/span><\/p>\n<p><span style=\"color: #000000;\">Dla petent\u00f3w dost\u0119pne s\u0105 2 wej\u015bcia:<\/span><\/p>\n<p><span style=\"color: #000000;\">Od podw\u00f3rka przedszkola po stronie lewej \u2013 nie jest przystosowane dla os\u00f3b niepe\u0142nosprawnych, do budynku prowadz\u0105 schody, drzwi otwierane r\u0119cznie; na elewacji w pobli\u017cu wej\u015bcia zamontowany dzwonek w przypadku blokady drzwi;<\/span><\/p>\n<p><span style=\"color: #000000;\">Drugie,<\/span><\/p>\n<p><span style=\"color: #000000;\">Informacja g\u0142\u00f3wna: informacji udziela pracownik przedszkola otwieraj\u0105cy drzwi. Gabinet wicedyrektora znajduje si\u0119\u00a0 na pierwszym pi\u0119trze, a intendenta na parterze po prawej stornie odej\u015bcia g\u0142\u00f3wnego.<\/span><\/p>\n<p><span style=\"color: #000000;\"><b>Dost\u0119pno\u015b\u0107 korytarzy, schod\u00f3w i wind.<\/b><\/span><\/p>\n<p><span style=\"color: #000000;\">Dla os\u00f3b na w\u00f3zkach dost\u0119pny jest korytarz na parterze budynku. W budynku nie ma windy, \u00a0Toaleta dla os\u00f3b niepe\u0142nosprawnych znajduje si\u0119 na: parterze. Wykonano wyr\u00f3\u017cnienia pocz\u0105tku i ko\u0144ca wszystkich bieg\u00f3w schodowych.<\/span><\/p>\n<p><span style=\"color: #000000;\"><b>Opis dostosowa\u0144, na przyk\u0142ad pochylni, platform, informacji g\u0142osowych, p\u0119tli indukcyjnych.<\/b><\/span><\/p>\n<p><span style=\"color: #000000;\">1. Zastosowano pochylni\u0119 dla w\u00f3zk\u00f3w od strony hali sportowej. Informacja o rozk\u0142adzie pomieszcze\u0144 w budynku zapewniona jest w spos\u00f3b wizualny i g\u0142osowy (poszczeg\u00f3lne sale zosta\u0142y zaopatrzone w tabliczki, pracownik przedszkola ka\u017cdorazowo otwieraj\u0105cy drzwi).<\/span><\/p>\n<p><span style=\"color: #000000;\">W budynku nie zastosowano urz\u0105dze\u0144 i innych \u015brodk\u00f3w technicznych do obs\u0142ugi os\u00f3b s\u0142abos\u0142ysz\u0105cych. Dost\u0119pno\u015b\u0107 zapewniona jest poprzez wsparcie pracownika przedszkola, tel.<span id=\"\u201da11y-telefon\u201d\">322379415<\/span>,<\/span><\/p>\n<p><span style=\"color: #000000;\">email:\u00a0<span id=\"cloak3b2d8747685be832306b5d28cb2e3a6a\"><a id=\"a11y-email\" style=\"color: #000000;\" href=\"mailto:sekretariat@zsp5.gliwice.eu\" data-cke-saved-href=\"mailto:sekretariat@zsp5.gliwice.eu\">sekretariat@zsp5.gliwice.eu<\/a><\/span><\/span><\/p>\n<p><span style=\"color: #000000;\"><b>Informacje o miejscu i sposobie korzystania z miejsc parkingowych wyznaczonych dla os\u00f3b niepe\u0142nosprawnych.<\/b><\/span><\/p>\n<p><span style=\"color: #000000;\">Na podw\u00f3rku przedszkola, przed budynkiem wyznaczono\u00a01 miejsce parkingowe dla os\u00f3b niepe\u0142nosprawnych.<\/span><\/p>\n<p><span style=\"color: #000000;\"><b>Informacja o prawie wst\u0119pu z psem asystuj\u0105cym i ewentualnych uzasadnionych ograniczeniach<\/b>.<\/span><\/p>\n<p><span style=\"color: #000000;\">Do budynku i wszystkich jego pomieszcze\u0144 mo\u017cna wej\u015b\u0107 z psem asystuj\u0105cym i psem przewodnikiem.<\/span><\/p>\n<p><span style=\"color: #000000;\"><b>Informacje o mo\u017cliwo\u015bci skorzystania z t\u0142umacza j\u0119zyka migowego na miejscu lub online<\/b>.<\/span><\/p>\n<p><span style=\"color: #000000;\">W budynku nie mo\u017cna skorzysta\u0107 z t\u0142umacza polskiego j\u0119zyka migowego.<\/span><\/p>\n<p><span style=\"color: #000000;\">\u00a0Zesp\u00f3\u0142 Szkolno Przedszkolny Nr5w Gliwicach b\u0119dzie d\u0105\u017cy\u0142 do zapewnienia dost\u0119pno\u015bci poprzez zastosowanie urz\u0105dze\u0144 i innych \u015brodk\u00f3w technicznych do obs\u0142ugi os\u00f3b s\u0142abos\u0142ysz\u0105cych w budynku przy ulicy Kozielskiej 39 i Kozielskiej 73<\/span><\/p>\n<p>&nbsp;<\/p>\n<p><a href=\"http:\/\/hosting1939560.online.pro\/autoinstalator\/wordpress1\/wp-content\/uploads\/2025\/03\/GUS_RzD.pdf\">Raport o stanie zapewniania dost\u0119pno\u015bci podmiotu publicznego &#8211; pdf<\/a><br \/>\nStan w dniu 01.01.2025 r.<\/p>\n","protected":false},"excerpt":{"rendered":"<p>Deklaracja dost\u0119pno\u015bci Deklaracja dost\u0119pno\u015bci serwisu\u00a0zsp5gliwice.pl Zesp\u00f3\u0142 Szkolno \u2013 Przedszkolny nr5 w Gliwicach zobowi\u0105zuje si\u0119 zapewni\u0107 [&hellip;]<\/p>\n","protected":false},"author":1,"featured_media":0,"parent":0,"menu_order":0,"comment_status":"closed","ping_status":"closed","template":"","meta":{"two_page_speed":[],"footnotes":""},"class_list":["post-287","page","type-page","status-publish","hentry"],"_links":{"self":[{"href":"https:\/\/zsp5gliwice.pl\/autoinstalator\/wordpress1\/wp-json\/wp\/v2\/pages\/287","targetHints":{"allow":["GET"]}}],"collection":[{"href":"https:\/\/zsp5gliwice.pl\/autoinstalator\/wordpress1\/wp-json\/wp\/v2\/pages"}],"about":[{"href":"https:\/\/zsp5gliwice.pl\/autoinstalator\/wordpress1\/wp-json\/wp\/v2\/types\/page"}],"author":[{"embeddable":true,"href":"https:\/\/zsp5gliwice.pl\/autoinstalator\/wordpress1\/wp-json\/wp\/v2\/users\/1"}],"replies":[{"embeddable":true,"href":"https:\/\/zsp5gliwice.pl\/autoinstalator\/wordpress1\/wp-json\/wp\/v2\/comments?post=287"}],"version-history":[{"count":0,"href":"https:\/\/zsp5gliwice.pl\/autoinstalator\/wordpress1\/wp-json\/wp\/v2\/pages\/287\/revisions"}],"wp:attachment":[{"href":"https:\/\/zsp5gliwice.pl\/autoinstalator\/wordpress1\/wp-json\/wp\/v2\/media?parent=287"}],"curies":[{"name":"wp","href":"https:\/\/api.w.org\/{rel}","templated":true}]}}